{"id":240,"date":"2017-05-09T14:56:38","date_gmt":"2017-05-09T12:56:38","guid":{"rendered":"https:\/\/www.amej.info\/?page_id=240"},"modified":"2025-04-11T16:43:09","modified_gmt":"2025-04-11T14:43:09","slug":"accompagnement-a-linsertion-professionnelle","status":"publish","type":"page","link":"https:\/\/www.amej.info\/index.php\/accompagnement-a-linsertion-professionnelle\/","title":{"rendered":"Accompagnement \u00e0 l&rsquo;insertion professionnelle"},"content":{"rendered":"\t\t<div id=\"44a91ace-b4c8-49f5-9401-bda09a755b3b\" class=\"wb-front wb-block wp-block-woodblocks-header color-yellow\">\n\t\t\t<div class=\"content\">\n\t\t\t\t<header>\n\t\t\t\t\t<div class=\"contact-us\">\n\t\t\t\t\t\t\t\t\t\t\t\t<div class=\"email\">\n\t\t\t\t\t\t\t<div class=\"label typo-title\">Contactez-nous<\/div>\n\t\t\t\t\t\t\t<a class=\"icon\" href=\"https:\/\/www.amej.info\/index.php\/lassociation\/contact\/\"><i class=\"fa fa-envelope\"><\/i><\/a>\n\t\t\t\t\t\t<\/div>\n\t\t\t\t\t\t\t\t\t\t\t\t<div class=\"social\">\n\t\t\t\t\t\t\t<div class=\"label typo-title\">Rejoingnez-nous<\/div>\n\t\t\t\t\t\t\t\t\t\t\t\t\t\t\t<a class=\"icon\" href=\"https:\/\/www.facebook.com\/amej.la.ravoire\" target=\"_blank\"><i class=\"fa fa-facebook-square\"><\/i><\/a>\n\t\t\t\t\t\t\t\t\t\t\t\t\t\t\t\t\t\t\t\t<\/div>\n\t\t\t\t\t\t\t\t\t\t\t\t<div style=\"clear: both;\"><\/div>\n\t\t\t\t\t<\/div>\n\t\t\t\t\t<div class=\"post-thumb\">\n\t\t\t\t\t\t\t\t\t\t\t\t\t<div class=\"post-thumb-content post-icon\">\n\t\t\t\t\t\t\t\t<i class=\"fa fa-briefcase\"><\/i>\n\t\t\t\t\t\t\t<\/div>\n\t\t\t\t\t\t\t\t\t\t\t\t<\/div>\n\t\t\t\t\t\t\t\t\t\t\t<h1 class=\"title\">\n\t\t\t\t\t\t\tAccompagnement \u00e0 l&rsquo;insertion professionnelle\t\t\t\t\t\t<\/h1>\n\t\t\t\t\t\t\t\t\t\t<\/header>\n\t\t\t\t<div class=\"text\">\n\t\t\t\t\t <strong>Vous cherchez un stage en contact avec des publics vari\u00e9s de 3 ans \u00e0 s\u00e9niors ?<\/strong> <br><strong>Contactez-nous !<\/strong> \t\t\t\t<\/div>\n\t\t\t<\/div>\n\t\t<\/div>\n\t\t\n\n\n<p class=\"has-luminous-vivid-orange-color has-text-color\"><strong>Accueil de stagiaires :<\/strong><\/p>\n\n\n\n<p class=\"has-luminous-vivid-orange-color has-text-color\"><br>Pour les 14\/25 ans, l\u2019AMEJ propose toute l\u2019ann\u00e9e d&rsquo;accueillir les jeunes en stage :<br>&#8211; stages de 3e en entreprise<br>&#8211; stages d&rsquo;observation pour v\u00e9rifier un projet d&rsquo;avenir (\u00e0 14\/17 ans on a le droit de ne pas savoir, donc il vaut mieux tester avant de s&rsquo;engager dans une voie de formation)<br>&#8211; stage en Contrat d&rsquo;Engagement Jeune (CEJ) avec la Mission Locale Jeune (MLJ)<\/p>\n\n\n\n<p class=\"has-luminous-vivid-orange-color has-text-color\">&#8211; stage pour toutes formations \u00e0 dominante sociale : Cap Accompagnement \u00c9ducatif Petite Enfance (AEPE), Bac pro \u00ab\u00a0service aux personnes et aux territoires\u00a0\u00bb, BTS \u00ab\u00a0sanitaire et social\u00a0\u00bb, Bachelor \u00ab\u00a0responsable de structure en \u00e9conomie sociale et solidaire\u00a0\u00bb<br>&#8211; animation professionnelle : CQP, BAPAAT, CPJEPS, BPJEPS, DEJEPS, DESJEPS<br>&#8211; animation non professionnelle : BAFA, BAFD<br>Toutes formations en travail social o\u00f9 nous pouvons r\u00e9pondre aux crit\u00e8res (si vous n&rsquo;\u00eates pas s\u00fbr, contactez-nous ou faites intervenir votre organisme de formation).<\/p>\n\n\n\n<p><\/p>\n\n\n\n<p class=\"has-vivid-cyan-blue-color has-text-color\"><strong>Apr\u00e8s ces stages, nous essayons dans la mesure de nos possibilit\u00e9s de proposer des emplois aux personnes :<\/strong><\/p>\n\n\n\n<p class=\"has-vivid-cyan-blue-color has-text-color\">&#8211; encadrement dans le cadre des accueils de loisirs (contrat d&rsquo;engagement \u00e9ducatif)<\/p>\n\n\n\n<p class=\"has-vivid-cyan-blue-color has-text-color\">&#8211; interventions sp\u00e9cifiques (Brevets socio-sportifs par exemple)<\/p>\n\n\n\n<p class=\"has-vivid-cyan-blue-color has-text-color\">&#8211; int\u00e9gration \u00e0 la liste des babysitters de l&rsquo;AMEJ<\/p>\n\n\n\n<p class=\"has-vivid-cyan-blue-color has-text-color\">&#8211; emploi d&rsquo;avenir ou CUI\/CAE service civique, CNU<\/p>\n\n\n\n<p><\/p>\n\n\n\n<p class=\"has-luminous-vivid-amber-color has-text-color\"><strong>Les services anim&rsquo; \u00e0 domicile et baby-sitting<\/strong> :<\/p>\n\n\n\n<p class=\"has-luminous-vivid-amber-color has-text-color\">Apr\u00e8s s&rsquo;\u00eatre form\u00e9 et avoir mis en \u0153uvre leurs comp\u00e9tences, les animateurs peuvent valoriser leurs acquis en proposant leurs services aux familles adh\u00e9rentes :<\/p>\n\n\n\n<p class=\"has-luminous-vivid-amber-color has-text-color\">&#8211; en devenant <a href=\"https:\/\/www.amej.info\/jeunes\/service-babysitting-parents-jeunes\/\">babysitter<\/a><br>&#8211; en devenant <a href=\"https:\/\/www.amej.info\/adultes\/amej-a-domicile\/\"> animateur (trice) \u00e0 domicile<\/a> des temps festifs<\/p>\n\n\n\n<p class=\"has-luminous-vivid-amber-color has-text-color\">L&rsquo;AMEJ vous met en contact avec les familles ayant un besoin, ensuite vous n\u00e9gociez directement avec la famille vos conditions d&rsquo;intervention.<\/p>\n\n\n\n<div class=\"wp-block-columns is-layout-flex wp-container-core-columns-is-layout-9d6595d7 wp-block-columns-is-layout-flex\">\n<div class=\"wp-block-column is-layout-flow wp-block-column-is-layout-flow\">\n<p class=\"has-luminous-vivid-orange-color has-text-color\"> <\/p>\n\n\n\n<p><br><br><\/p>\n\n\n\n<p><\/p>\n<\/div>\n\n\n\n<div class=\"wp-block-column is-layout-flow wp-block-column-is-layout-flow\">\n<p class=\"has-vivid-cyan-blue-color has-text-color\"><\/p>\n\n\n\n<p><\/p>\n<\/div>\n\n\n\n<div class=\"wp-block-column is-layout-flow wp-block-column-is-layout-flow\">\n<p class=\"has-luminous-vivid-amber-color has-text-color\"><\/p>\n\n\n\n<p><\/p>\n\n\n\n<p> <\/p>\n<\/div>\n<\/div>\n\n\n\n<div style=\"height:60px\" aria-hidden=\"true\" class=\"wp-block-spacer\"><\/div>\n","protected":false},"excerpt":{"rendered":"<p>Accueil de stagiaires : Pour les 14\/25 ans, l\u2019AMEJ propose [&hellip;]<\/p>\n","protected":false},"author":9,"featured_media":0,"parent":0,"menu_order":3,"comment_status":"closed","ping_status":"closed","template":"","meta":{"_amej_meta_icon":"fa fa-briefcase","_amej_meta_icon_color":"yellow","_amej_meta_image":0,"footnotes":""},"class_list":["post-240","page","type-page","status-publish","hentry"],"_links":{"self":[{"href":"https:\/\/www.amej.info\/index.php\/wp-json\/wp\/v2\/pages\/240","targetHints":{"allow":["GET"]}}],"collection":[{"href":"https:\/\/www.amej.info\/index.php\/wp-json\/wp\/v2\/pages"}],"about":[{"href":"https:\/\/www.amej.info\/index.php\/wp-json\/wp\/v2\/types\/page"}],"author":[{"embeddable":true,"href":"https:\/\/www.amej.info\/index.php\/wp-json\/wp\/v2\/users\/9"}],"replies":[{"embeddable":true,"href":"https:\/\/www.amej.info\/index.php\/wp-json\/wp\/v2\/comments?post=240"}],"version-history":[{"count":1,"href":"https:\/\/www.amej.info\/index.php\/wp-json\/wp\/v2\/pages\/240\/revisions"}],"predecessor-version":[{"id":5456,"href":"https:\/\/www.amej.info\/index.php\/wp-json\/wp\/v2\/pages\/240\/revisions\/5456"}],"wp:attachment":[{"href":"https:\/\/www.amej.info\/index.php\/wp-json\/wp\/v2\/media?parent=240"}],"curies":[{"name":"wp","href":"https:\/\/api.w.org\/{rel}","templated":true}]}}